{"id":1108,"date":"2020-09-03T20:39:56","date_gmt":"2020-09-03T18:39:56","guid":{"rendered":"https:\/\/yvisdesign.com\/?post_type=product&#038;p=1108"},"modified":"2021-09-15T16:35:27","modified_gmt":"2021-09-15T14:35:27","slug":"perlenkomposition","status":"publish","type":"product","link":"https:\/\/yvisdesign.com\/de\/produkt\/perlenkomposition\/","title":{"rendered":"Perlenkomposition"},"content":{"rendered":"","protected":false},"excerpt":{"rendered":"<p>Das Armband ist eine Komposition aus ros\u00e9 und petrol-farbigen S\u00fc\u00dfwasser Zuchtperlen. Dieses besondere Perlenarmband ist ca. 19 cm lang und besteht aus abwechselnd aneinandergereihten 6-7 mm gro\u00dfen, ros\u00e9-farbigen S\u00fc\u00dfwasser Zuchtperlen im Wechsel mit 7-8 mm gro\u00dfen, petrol-farbigen S\u00fc\u00dfwasser Zuchtperlen, die sehr sch\u00f6n schimmern. Das Armband ist auf einem Band gef\u00e4delt, welches aus 49 feinsten Stahlf\u00e4den besteht, die mit Nylon \u00fcberzogen sind. Dies gew\u00e4hrt eine sehr hohe Strapazierf\u00e4higkeit und somit Rei\u00dffestigkeit. Den Abschluss bildet ein silberner Karabiner-Verschluss. Jedes Schmuckst\u00fcck wird mit dem Herzen entworfen und in liebevoller Handarbeit erstellt.<\/p>\n","protected":false},"featured_media":1602,"template":"","meta":{"_themeisle_gutenberg_block_has_review":false},"product_cat":[22,30],"product_tag":[33,34,58,209,35],"jetpack_sharing_enabled":true,"_links":{"self":[{"href":"https:\/\/yvisdesign.com\/de\/wp-json\/wp\/v2\/product\/1108"}],"collection":[{"href":"https:\/\/yvisdesign.com\/de\/wp-json\/wp\/v2\/product"}],"about":[{"href":"https:\/\/yvisdesign.com\/de\/wp-json\/wp\/v2\/types\/product"}],"wp:featuredmedia":[{"embeddable":true,"href":"https:\/\/yvisdesign.com\/de\/wp-json\/wp\/v2\/media\/1602"}],"wp:attachment":[{"href":"https:\/\/yvisdesign.com\/de\/wp-json\/wp\/v2\/media?parent=1108"}],"wp:term":[{"taxonomy":"product_cat","embeddable":true,"href":"https:\/\/yvisdesign.com\/de\/wp-json\/wp\/v2\/product_cat?post=1108"},{"taxonomy":"product_tag","embeddable":true,"href":"https:\/\/yvisdesign.com\/de\/wp-json\/wp\/v2\/product_tag?post=1108"}],"curies":[{"name":"wp","href":"https:\/\/api.w.org\/{rel}","templated":true}]}}